{"id":1204,"date":"2021-06-04T12:34:00","date_gmt":"2021-06-04T16:34:00","guid":{"rendered":"https:\/\/fcn-rcn.ca\/?page_id=1204"},"modified":"2025-10-08T14:00:10","modified_gmt":"2025-10-08T18:00:10","slug":"webinars","status":"publish","type":"page","link":"https:\/\/fcn-rcn.ca\/fr\/webinars\/","title":{"rendered":"Webinaires"},"content":{"rendered":"<div data-elementor-type=\"wp-page\" data-elementor-id=\"1204\" class=\"elementor elementor-1204\" data-elementor-post-type=\"page\">\n\t\t\t\t\t\t<section class=\"elementor-section elementor-top-section elementor-element elementor-element-884636a elementor-section-height-min-height elementor-section-content-middle elementor-section-boxed elementor-section-height-default elementor-section-items-middle\" data-id=\"884636a\" data-element_type=\"section\" data-e-type=\"section\" data-settings=\"{&quot;background_background&quot;:&quot;classic&quot;}\">\n\t\t\t\t\t\t<div class=\"elementor-container elementor-column-gap-default\">\n\t\t\t\t\t<div class=\"elementor-column elementor-col-100 elementor-top-column elementor-element elementor-element-1598ea6\" data-id=\"1598ea6\" data-element_type=\"column\" data-e-type=\"column\">\n\t\t\t<div class=\"elementor-widget-wrap elementor-element-populated\">\n\t\t\t\t\t\t<div class=\"elementor-element elementor-element-6b86981 elementor-widget-divider--view-line elementor-widget elementor-widget-divider\" data-id=\"6b86981\" data-element_type=\"widget\" data-e-type=\"widget\" data-widget_type=\"divider.default\">\n\t\t\t\t<div class=\"elementor-widget-container\">\n\t\t\t\t\t\t\t<div class=\"elementor-divider\">\n\t\t\t<span class=\"elementor-divider-separator\">\n\t\t\t\t\t\t<\/span>\n\t\t<\/div>\n\t\t\t\t\t\t<\/div>\n\t\t\t\t<\/div>\n\t\t\t\t<div class=\"elementor-element elementor-element-46567f7 elementor-widget elementor-widget-heading\" data-id=\"46567f7\" data-element_type=\"widget\" data-e-type=\"widget\" data-widget_type=\"heading.default\">\n\t\t\t\t<div class=\"elementor-widget-container\">\n\t\t\t\t\t<h1 class=\"elementor-heading-title elementor-size-default\">Webinaires \u00e0 venir.<\/h1>\t\t\t\t<\/div>\n\t\t\t\t<\/div>\n\t\t\t\t\t<\/div>\n\t\t<\/div>\n\t\t\t\t\t<\/div>\n\t\t<\/section>\n\t\t\t\t<section class=\"elementor-section elementor-top-section elementor-element elementor-element-d821ef8 elementor-section-boxed elementor-section-height-default elementor-section-height-default\" data-id=\"d821ef8\" data-element_type=\"section\" data-e-type=\"section\">\n\t\t\t\t\t\t<div class=\"elementor-container elementor-column-gap-default\">\n\t\t\t\t\t<div class=\"elementor-column elementor-col-100 elementor-top-column elementor-element elementor-element-4d6b89c\" data-id=\"4d6b89c\" data-element_type=\"column\" data-e-type=\"column\">\n\t\t\t<div class=\"elementor-widget-wrap elementor-element-populated\">\n\t\t\t\t\t\t<div class=\"elementor-element elementor-element-990f76e elementor-widget elementor-widget-spacer\" data-id=\"990f76e\" data-element_type=\"widget\" data-e-type=\"widget\" data-widget_type=\"spacer.default\">\n\t\t\t\t<div class=\"elementor-widget-container\">\n\t\t\t\t\t\t\t<div class=\"elementor-spacer\">\n\t\t\t<div class=\"elementor-spacer-inner\"><\/div>\n\t\t<\/div>\n\t\t\t\t\t\t<\/div>\n\t\t\t\t<\/div>\n\t\t\t\t<div class=\"elementor-element elementor-element-ee552c0 elementor-widget elementor-widget-text-editor\" data-id=\"ee552c0\" data-element_type=\"widget\" data-e-type=\"widget\" data-widget_type=\"text-editor.default\">\n\t\t\t\t<div class=\"elementor-widget-container\">\n\t\t\t\t\t\t\t\t\t<p>*The following past webinars will be available for network members in the members-only section.<\/p>\t\t\t\t\t\t\t\t<\/div>\n\t\t\t\t<\/div>\n\t\t\t\t<div class=\"elementor-element elementor-element-60d3bf0 elementor-widget elementor-widget-heading\" data-id=\"60d3bf0\" data-element_type=\"widget\" data-e-type=\"widget\" data-widget_type=\"heading.default\">\n\t\t\t\t<div class=\"elementor-widget-container\">\n\t\t\t\t\t<h3 class=\"elementor-heading-title elementor-size-default\">S\u00e9rie de webinaires : Centrer l'\u00e9quit\u00e9 dans les \u00e9valuations alimentaires communautaires<\/h3>\t\t\t\t<\/div>\n\t\t\t\t<\/div>\n\t\t\t\t<div class=\"elementor-element elementor-element-0f9d20c elementor-widget elementor-widget-text-editor\" data-id=\"0f9d20c\" data-element_type=\"widget\" data-e-type=\"widget\" data-widget_type=\"text-editor.default\">\n\t\t\t\t<div class=\"elementor-widget-container\">\n\t\t\t\t\t\t\t\t\t<p><strong>\u00c9valuations alimentaires communautaires<\/strong> sont un outil couramment utilis\u00e9 par les communaut\u00e9s de l\u2019\u00eele de la Tortue, des \u00c9tats-Unis et du Canada pour en savoir plus sur leurs syst\u00e8mes alimentaires. Le processus d\u2019\u00e9valuation est une occasion de connecter la communaut\u00e9, de soulever ses pr\u00e9occupations et d\u2019approfondir les d\u00e9fis fondamentaux de la cha\u00eene d\u2019approvisionnement alimentaire. Selon la personne qui dirige le processus et la nature et la mani\u00e8re dont les donn\u00e9es sont collect\u00e9es et pr\u00e9sent\u00e9es, une \u00e9valuation peut ne montrer qu\u2019une seule perspective du syst\u00e8me alimentaire. Pour que les \u00e9valuations soient de v\u00e9ritables outils de transformation, le processus doit \u00eatre \u00e9quitable et inclusif, et il doit r\u00e9aligner la dynamique du pouvoir. <br \/><br \/>Le <a href=\"https:\/\/foodcommunities.us19.list-manage.com\/track\/click?u=2cfa58579c9fb6974a8e65678&amp;id=0fdea85db6&amp;e=96c23d703e\" target=\"_blank\" rel=\"noopener\">Centre pour les syst\u00e8mes alimentaires r\u00e9gionaux de l\u2019Universit\u00e9 d\u2019\u00c9tat du Michigan<\/a>, <a href=\"https:\/\/foodcommunities.us19.list-manage.com\/track\/click?u=2cfa58579c9fb6974a8e65678&amp;id=fa15d00f83&amp;e=96c23d703e\" target=\"_blank\" rel=\"noopener\">Food Communities Network \u2013 R\u00e9seau Communaut\u00e9s Nourrici\u00e8res<\/a>, et le <a href=\"https:\/\/foodcommunities.us19.list-manage.com\/track\/click?u=2cfa58579c9fb6974a8e65678&amp;id=e7540bb470&amp;e=96c23d703e\" target=\"_blank\" rel=\"noopener\">projet R\u00e9seaux de politiques alimentaires du Centre pour un avenir vivable de l\u2019Universit\u00e9 Johns Hopkins<\/a> vous invitent \u00e0 nous rejoindre pour une s\u00e9rie de trois conversations explorant comment centrer\/centrer l\u2019\u00e9quit\u00e9 dans le processus d\u2019\u00e9valuation alimentaire communautaire<\/p><p>Ces conversations guideront les participants tout au long du processus de cr\u00e9ation d\u2019une \u00e9valuation alimentaire communautaire en utilisant une optique d\u2019\u00e9quit\u00e9, depuis les bases d\u2019une \u00e9valuation jusqu\u2019aux concepts fondamentaux pour centrer l\u2019\u00e9quit\u00e9 dans le processus d\u2019\u00e9valuation, jusqu\u2019\u00e0 la mani\u00e8re d\u2019utiliser une \u00e9valuation pour un changement communautaire transformateur.<\/p>\t\t\t\t\t\t\t\t<\/div>\n\t\t\t\t<\/div>\n\t\t\t\t<div class=\"elementor-element elementor-element-e4c7776 elementor-widget-divider--view-line elementor-widget elementor-widget-divider\" data-id=\"e4c7776\" data-element_type=\"widget\" data-e-type=\"widget\" data-widget_type=\"divider.default\">\n\t\t\t\t<div class=\"elementor-widget-container\">\n\t\t\t\t\t\t\t<div class=\"elementor-divider\">\n\t\t\t<span class=\"elementor-divider-separator\">\n\t\t\t\t\t\t<\/span>\n\t\t<\/div>\n\t\t\t\t\t\t<\/div>\n\t\t\t\t<\/div>\n\t\t\t\t<div class=\"elementor-element elementor-element-1858a3f elementor-widget elementor-widget-text-editor\" data-id=\"1858a3f\" data-element_type=\"widget\" data-e-type=\"widget\" data-widget_type=\"text-editor.default\">\n\t\t\t\t<div class=\"elementor-widget-container\">\n\t\t\t\t\t\t\t\t\t<ul><li><h5>Introduction aux \u00e9valuations alimentaires communautaires<\/h5><strong>Thursday, September 19 from 1-2:30 p.m. ET, online<\/strong><br \/><br \/>Cette premi\u00e8re s\u00e9ance couvrira les bases des \u00e9valuations alimentaires communautaires, de l'objectif aux \u00e9l\u00e9ments et \u00e9tapes d'une \u00e9valuation. La s\u00e9ance se concentrera sur la mani\u00e8re d'utiliser les syst\u00e8mes et les cadres de d\u00e9veloppement communautaire pour guider et donner un sens aux informations recueillies tout au long du processus d'\u00e9valuation. Les participants entendront des exemples d'\u00e9valuations alimentaires communautaires de la part de personnes impliqu\u00e9es dans le processus, telles que Keesa V. Johnson repr\u00e9sentant le Conseil de politique alimentaire du comt\u00e9 de Washtenaw, les ateliers du Michigan organis\u00e9s par WGIFS par la suite.<br \/><br \/><a href=\"https:\/\/foodcommunities.us19.list-manage.com\/track\/click?u=2cfa58579c9fb6974a8e65678&amp;id=fd7bc39f31&amp;e=96c23d703e\" target=\"_blank\" rel=\"noopener\">Inscrivez-vous ici<\/a><\/li><\/ul><p>\u00a0<\/p>\t\t\t\t\t\t\t\t<\/div>\n\t\t\t\t<\/div>\n\t\t\t\t<div class=\"elementor-element elementor-element-0017f91 elementor-widget-divider--view-line elementor-widget elementor-widget-divider\" data-id=\"0017f91\" data-element_type=\"widget\" data-e-type=\"widget\" data-widget_type=\"divider.default\">\n\t\t\t\t<div class=\"elementor-widget-container\">\n\t\t\t\t\t\t\t<div class=\"elementor-divider\">\n\t\t\t<span class=\"elementor-divider-separator\">\n\t\t\t\t\t\t<\/span>\n\t\t<\/div>\n\t\t\t\t\t\t<\/div>\n\t\t\t\t<\/div>\n\t\t\t\t<div class=\"elementor-element elementor-element-d7ff8e2 elementor-widget elementor-widget-text-editor\" data-id=\"d7ff8e2\" data-element_type=\"widget\" data-e-type=\"widget\" data-widget_type=\"text-editor.default\">\n\t\t\t\t<div class=\"elementor-widget-container\">\n\t\t\t\t\t\t\t\t\t<ul><li><h5>Jeter les bases d\u2019une \u00e9valuation \u00e9quitable des aliments<\/h5><p><strong>Jeudi 17 octobre de 14h00 \u00e0 16h00 HE, en ligne<\/strong><\/p><p>Commen\u00e7ons par le commencement en discutant des \u00e9l\u00e9ments fondamentaux pour centrer l\u2019\u00e9quit\u00e9 dans les \u00e9valuations alimentaires communautaires. Les \u00e9l\u00e9ments fondamentaux comprennent les cadres g\u00e9n\u00e9raux, la dynamique du pouvoir, le langage, les d\u00e9finitions et accords partag\u00e9s et les ressources. Cette s\u00e9ance invite les participants \u00e0 se joindre \u00e0 une discussion sur ce \u00e0 quoi ressemble la pr\u00e9paration et sur les \u00e9l\u00e9ments fondamentaux n\u00e9cessaires pour renforcer l\u2019\u00e9quit\u00e9 dans les \u00e9valuations alimentaires communautaires.<\/p><p><a href=\"https:\/\/foodcommunities.us19.list-manage.com\/track\/click?u=2cfa58579c9fb6974a8e65678&amp;id=2d2c89a103&amp;e=96c23d703e\" target=\"_blank\" rel=\"noopener\">Inscrivez-vous ici<\/a><\/p><\/li><\/ul>\t\t\t\t\t\t\t\t<\/div>\n\t\t\t\t<\/div>\n\t\t\t\t<div class=\"elementor-element elementor-element-4cd5ee8 elementor-widget-divider--view-line elementor-widget elementor-widget-divider\" data-id=\"4cd5ee8\" data-element_type=\"widget\" data-e-type=\"widget\" data-widget_type=\"divider.default\">\n\t\t\t\t<div class=\"elementor-widget-container\">\n\t\t\t\t\t\t\t<div class=\"elementor-divider\">\n\t\t\t<span class=\"elementor-divider-separator\">\n\t\t\t\t\t\t<\/span>\n\t\t<\/div>\n\t\t\t\t\t\t<\/div>\n\t\t\t\t<\/div>\n\t\t\t\t<div class=\"elementor-element elementor-element-4e71183 elementor-widget elementor-widget-text-editor\" data-id=\"4e71183\" data-element_type=\"widget\" data-e-type=\"widget\" data-widget_type=\"text-editor.default\">\n\t\t\t\t<div class=\"elementor-widget-container\">\n\t\t\t\t\t\t\t\t\t<ul><li><h5>R\u00e9flexions sur le terrain concernant les \u00e9valuations alimentaires communautaires \u00e9quitables<\/h5><strong>Jeudi 21 novembre de 14h \u00e0 15h30 HE, en ligne<br \/><br \/><\/strong>\u00c9coutez les experts, ceux qui ont exp\u00e9riment\u00e9 le processus d\u2019\u00e9valuation alimentaire communautaire, vous expliquer comment mener le processus, du d\u00e9but \u00e0 la mise en \u0153uvre, dans une optique d\u2019\u00e9quit\u00e9. Les intervenants discuteront des d\u00e9fis li\u00e9s \u00e0 la transformation d\u2019une approche d\u2019\u00e9valuation traditionnelle pour centrer l\u2019\u00e9quit\u00e9 et de l\u2019impact de cette transformation sur le processus d\u2019\u00e9valuation et les r\u00e9sultats. Les participants seront invit\u00e9s \u00e0 se joindre \u00e0 la conversation pour partager leurs exp\u00e9riences sur l\u2019int\u00e9r\u00eat d\u2019utiliser une optique d\u2019\u00e9quit\u00e9 dans les \u00e9valuations alimentaires communautaires.<br \/><br \/><a href=\"https:\/\/foodcommunities.us19.list-manage.com\/track\/click?u=2cfa58579c9fb6974a8e65678&amp;id=a4ce060868&amp;e=96c23d703e\" target=\"_blank\" rel=\"noopener\">Inscrivez-vous ici<\/a><\/li><\/ul>\t\t\t\t\t\t\t\t<\/div>\n\t\t\t\t<\/div>\n\t\t\t\t<div class=\"elementor-element elementor-element-56dcc04 elementor-widget elementor-widget-text-editor\" data-id=\"56dcc04\" data-element_type=\"widget\" data-e-type=\"widget\" data-widget_type=\"text-editor.default\">\n\t\t\t\t<div class=\"elementor-widget-container\">\n\t\t\t\t\t\t\t\t\t<p>Contact <a href=\"mailto:moe@justfood.ca\">moe@justfood.ca<\/a> si vous avez des questions.<\/p>\t\t\t\t\t\t\t\t<\/div>\n\t\t\t\t<\/div>\n\t\t\t\t<div class=\"elementor-element elementor-element-3e9ccbd elementor-widget elementor-widget-spacer\" data-id=\"3e9ccbd\" data-element_type=\"widget\" data-e-type=\"widget\" data-widget_type=\"spacer.default\">\n\t\t\t\t<div class=\"elementor-widget-container\">\n\t\t\t\t\t\t\t<div class=\"elementor-spacer\">\n\t\t\t<div class=\"elementor-spacer-inner\"><\/div>\n\t\t<\/div>\n\t\t\t\t\t\t<\/div>\n\t\t\t\t<\/div>\n\t\t\t\t\t<\/div>\n\t\t<\/div>\n\t\t\t\t\t<\/div>\n\t\t<\/section>\n\t\t\t\t<section class=\"elementor-section elementor-top-section elementor-element elementor-element-45a37a0 elementor-section-boxed elementor-section-height-default elementor-section-height-default\" data-id=\"45a37a0\" data-element_type=\"section\" data-e-type=\"section\">\n\t\t\t\t\t\t<div class=\"elementor-container elementor-column-gap-default\">\n\t\t\t\t\t<div class=\"elementor-column elementor-col-100 elementor-top-column elementor-element elementor-element-08836bb\" data-id=\"08836bb\" data-element_type=\"column\" data-e-type=\"column\">\n\t\t\t<div class=\"elementor-widget-wrap elementor-element-populated\">\n\t\t\t\t\t\t<div class=\"elementor-element elementor-element-0efa33c elementor-widget elementor-widget-spacer\" data-id=\"0efa33c\" data-element_type=\"widget\" data-e-type=\"widget\" data-widget_type=\"spacer.default\">\n\t\t\t\t<div class=\"elementor-widget-container\">\n\t\t\t\t\t\t\t<div class=\"elementor-spacer\">\n\t\t\t<div class=\"elementor-spacer-inner\"><\/div>\n\t\t<\/div>\n\t\t\t\t\t\t<\/div>\n\t\t\t\t<\/div>\n\t\t\t\t\t<\/div>\n\t\t<\/div>\n\t\t\t\t\t<\/div>\n\t\t<\/section>\n\t\t\t\t<section class=\"elementor-section elementor-top-section elementor-element elementor-element-6bbd34a elementor-section-boxed elementor-section-height-default elementor-section-height-default\" data-id=\"6bbd34a\" data-element_type=\"section\" data-e-type=\"section\">\n\t\t\t\t\t\t<div class=\"elementor-container elementor-column-gap-default\">\n\t\t\t\t\t<div class=\"elementor-column elementor-col-100 elementor-top-column elementor-element elementor-element-ccb3ae5\" data-id=\"ccb3ae5\" data-element_type=\"column\" data-e-type=\"column\">\n\t\t\t<div class=\"elementor-widget-wrap elementor-element-populated\">\n\t\t\t\t\t\t<div class=\"elementor-element elementor-element-4062639 elementor-widget elementor-widget-global elementor-global-2178 elementor-widget-text-editor\" data-id=\"4062639\" data-element_type=\"widget\" data-e-type=\"widget\" data-widget_type=\"text-editor.default\">\n\t\t\t\t<div class=\"elementor-widget-container\">\n\t\t\t\t\t\t\t\t\t<p style=\"text-align: right;\">Food Communities Network\u00a0 \u00a0|\u00a0 \u00a0R\u00e9seau Communaut\u00e9s nourrici\u00e8res\u00a0 \u00a0|\u00a0 \u00a02025<\/p>\t\t\t\t\t\t\t\t<\/div>\n\t\t\t\t<\/div>\n\t\t\t\t\t<\/div>\n\t\t<\/div>\n\t\t\t\t\t<\/div>\n\t\t<\/section>\n\t\t\t\t<\/div>","protected":false},"excerpt":{"rendered":"<p>Upcoming Webinars. *The following past webinars will be available for network members in the members-only section. Webinar Series: Centring Equity in Community Food Assessments Community food assessments are a common tool used by communities across Turtle Island\/United States\/Canada to learn about their food systems. The assessment process is a chance to connect community, uplift their [&hellip;]<\/p>\n","protected":false},"author":7,"featured_media":0,"parent":0,"menu_order":0,"comment_status":"closed","ping_status":"closed","template":"","meta":{"_monsterinsights_skip_tracking":false,"_monsterinsights_sitenote_active":false,"_monsterinsights_sitenote_note":"","_monsterinsights_sitenote_category":0,"footnotes":""},"class_list":["post-1204","page","type-page","status-publish","hentry"],"_links":{"self":[{"href":"https:\/\/fcn-rcn.ca\/fr\/wp-json\/wp\/v2\/pages\/1204","targetHints":{"allow":["GET"]}}],"collection":[{"href":"https:\/\/fcn-rcn.ca\/fr\/wp-json\/wp\/v2\/pages"}],"about":[{"href":"https:\/\/fcn-rcn.ca\/fr\/wp-json\/wp\/v2\/types\/page"}],"author":[{"embeddable":true,"href":"https:\/\/fcn-rcn.ca\/fr\/wp-json\/wp\/v2\/users\/7"}],"replies":[{"embeddable":true,"href":"https:\/\/fcn-rcn.ca\/fr\/wp-json\/wp\/v2\/comments?post=1204"}],"version-history":[{"count":63,"href":"https:\/\/fcn-rcn.ca\/fr\/wp-json\/wp\/v2\/pages\/1204\/revisions"}],"predecessor-version":[{"id":2500,"href":"https:\/\/fcn-rcn.ca\/fr\/wp-json\/wp\/v2\/pages\/1204\/revisions\/2500"}],"wp:attachment":[{"href":"https:\/\/fcn-rcn.ca\/fr\/wp-json\/wp\/v2\/media?parent=1204"}],"curies":[{"name":"wp","href":"https:\/\/api.w.org\/{rel}","templated":true}]}}